{"id":104,"date":"2019-11-28T18:12:57","date_gmt":"2019-11-28T17:12:57","guid":{"rendered":"https:\/\/amicale.ch-perrens.fr\/?post_type=product&#038;p=104"},"modified":"2025-03-04T11:45:35","modified_gmt":"2025-03-04T10:45:35","slug":"cafe-regus","status":"publish","type":"product","link":"https:\/\/amicale.ch-perrens.fr\/?product=cafe-regus","title":{"rendered":"Caf\u00e9 Regus"},"content":{"rendered":"","protected":false},"excerpt":{"rendered":"<p><strong>Diff\u00e9rentes provenances et puissances aromatiques.<\/strong><\/p>\n<p><strong>DOSETTES :<\/strong><br \/>\n<strong>Barrette de 10 dosettes : 3\u20ac50<\/strong><br \/>\n<strong>Boite de 40 dosettes : 14\u20ac<\/strong><\/p>\n<p><strong>GRAINS\/MOULUS :<\/strong><br \/>\n<strong>Sachet 500g : 9,75\u20ac<\/strong><br \/>\n<strong>Sachet 1kg : 19,50\u20ac<\/strong><\/p>\n<p><strong>A venir d\u00e9guster dans nos locaux : 0,50\u20ac<\/strong><\/p>\n<h5>*Caf\u00e9 dosette, compatible avec toutes les machines Nespresso.<\/h5>\n<p>&nbsp;<\/p>\n<p class=\"p1\"><span class=\"s1\">Depuis 1936, les Caf\u00e9s R\u00e9gus et la famille Caun\u00e8gre sont des torr\u00e9facteurs reconnus de p\u00e8re en fils dans la r\u00e9gion Bordelaise.<\/span><br \/>\nRobert Caun\u00e8gre, c\u00e9l\u00e8bre international de rugby \u00e0 XV et jouant au Stade Bordelais, son club r\u00e9gional, s&rsquo;investit dans son atelier de torr\u00e9faction de caf\u00e9. Il y officie seul.<\/p>\n<p class=\"p1\"><span class=\"s1\">Son ambition est de cr\u00e9er une entreprise familiale bas\u00e9e sur la proximit\u00e9, l&rsquo;excellence et la cr\u00e9ation d&#8217;emplois dans sa r\u00e9gion natale, esprit novateur pour l&rsquo;\u00e9poque.<\/span><\/p>\n<p class=\"p1\"><span class=\"s1\">Il s&rsquo;attache autant \u00e0 am\u00e9liorer les techniques de torr\u00e9faction que de nouer des liens dans le n\u00e9goce du caf\u00e9. L&rsquo;approvisionnement en caf\u00e9 vert soigneusement s\u00e9lectionn\u00e9 et d&rsquo;une extr\u00eame qualit\u00e9 est une priorit\u00e9.<\/span><br \/>\nL&rsquo;excellence de la production de son atelier conjugu\u00e9e \u00e0 sa notori\u00e9t\u00e9 m\u00e9diatique et sportive furent le socle du d\u00e9veloppement commercial de l&rsquo;entreprise Caf\u00e9s R\u00e9gus.<br \/>\nL&rsquo;entreprise recruta alors ses premiers employ\u00e9s.<br \/>\n\u200bDans les ann\u00e9es 80, Philippe Caun\u00e8gre, son fils, sortant d&rsquo;\u00e9cole de commerce, dans le respect de la m\u00eame tradition, d\u00e9veloppe l&rsquo;entreprise en lui conservant sa taille humaine.<\/p>\n<p class=\"p1\">Les achats en mati\u00e8re premi\u00e8re r\u00e9alis\u00e9s par Caf\u00e9s R\u00e9gus sont dict\u00e9s par le seul crit\u00e8re de qualit\u00e9 mais jamais influenc\u00e9s par les fluctuations du cours du march\u00e9. Ma\u00eetre torr\u00e9facteur, notre technique d&rsquo;\u00e9laboration \u00ab\u00e0 la bordelaise\u00bb respecte la tradition par une torr\u00e9faction artisanale, toute en douceur et lente, dite \u00abrobe de mo\u00eene\u00bb, par broches de vingt minutes&#8230; bien loin de la production industrielle !<\/p>\n<p class=\"p1\">Les origines et m\u00e9langes Caf\u00e9s R\u00e9gus mis \u00e0 la vente sont le fruit d&rsquo;une r\u00e9elle r\u00e9flexion et de multiples essais pour offrir une diversit\u00e9 d&rsquo;ar\u00f4mes et de plaisirs.<\/p>\n","protected":false},"featured_media":110,"template":"","meta":[],"product_brand":[],"product_cat":[36],"product_tag":[],"class_list":{"0":"post-104","1":"product","2":"type-product","3":"status-publish","4":"has-post-thumbnail","6":"product_cat-cafe","8":"first","9":"instock","10":"shipping-taxable","11":"product-type-simple"},"_links":{"self":[{"href":"https:\/\/amicale.ch-perrens.fr\/index.php?rest_route=\/wp\/v2\/product\/104","targetHints":{"allow":["GET"]}}],"collection":[{"href":"https:\/\/amicale.ch-perrens.fr\/index.php?rest_route=\/wp\/v2\/product"}],"about":[{"href":"https:\/\/amicale.ch-perrens.fr\/index.php?rest_route=\/wp\/v2\/types\/product"}],"wp:featuredmedia":[{"embeddable":true,"href":"https:\/\/amicale.ch-perrens.fr\/index.php?rest_route=\/wp\/v2\/media\/110"}],"wp:attachment":[{"href":"https:\/\/amicale.ch-perrens.fr\/index.php?rest_route=%2Fwp%2Fv2%2Fmedia&parent=104"}],"wp:term":[{"taxonomy":"product_brand","embeddable":true,"href":"https:\/\/amicale.ch-perrens.fr\/index.php?rest_route=%2Fwp%2Fv2%2Fproduct_brand&post=104"},{"taxonomy":"product_cat","embeddable":true,"href":"https:\/\/amicale.ch-perrens.fr\/index.php?rest_route=%2Fwp%2Fv2%2Fproduct_cat&post=104"},{"taxonomy":"product_tag","embeddable":true,"href":"https:\/\/amicale.ch-perrens.fr\/index.php?rest_route=%2Fwp%2Fv2%2Fproduct_tag&post=104"}],"curies":[{"name":"wp","href":"https:\/\/api.w.org\/{rel}","templated":true}]}}